{"id":403,"date":"2022-02-09T12:14:00","date_gmt":"2022-02-09T12:14:00","guid":{"rendered":"http:\/\/mirada.g-2.eu\/?page_id=403"},"modified":"2026-03-09T14:59:50","modified_gmt":"2026-03-09T14:59:50","slug":"noticias","status":"publish","type":"page","link":"https:\/\/miradalevante.com\/es\/noticias\/","title":{"rendered":"NOTICIAS"},"content":{"rendered":"<p>[et_pb_section fb_built=\u00bb1&#8243; custom_padding_last_edited=\u00bbon|phone\u00bb admin_label=\u00bbHeader\u00bb _builder_version=\u00bb4.8.0&#8243; _module_preset=\u00bbdefault\u00bb custom_padding=\u00bb96px||||false|false\u00bb custom_padding_tablet=\u00bb\u00bb custom_padding_phone=\u00bb40px||||false|false\u00bb global_colors_info=\u00bb{}\u00bb][et_pb_row _builder_version=\u00bb4.7.7&#8243; _module_preset=\u00bbdefault\u00bb custom_padding=\u00bb0px||0px|||\u00bb module_alignment_tablet=\u00bbcenter\u00bb module_alignment_last_edited=\u00bboff|desktop\u00bb locked=\u00bboff\u00bb global_colors_info=\u00bb{}\u00bb][et_pb_column type=\u00bb4_4&#8243; _builder_version=\u00bb4.7.7&#8243; _module_preset=\u00bbdefault\u00bb global_colors_info=\u00bb{}\u00bb][et_pb_text _builder_version=\u00bb4.14.1&#8243; _module_preset=\u00bb370cf134-a811-4d7c-90e9-083991f25ee4&#8243; header_font=\u00bbTT commons|500|||||||\u00bb header_text_color=\u00bb#bb614f\u00bb header_font_size=\u00bb90px\u00bb header_line_height=\u00bb83px\u00bb header_font_size_tablet=\u00bb90px\u00bb header_font_size_phone=\u00bb55px\u00bb header_font_size_last_edited=\u00bbon|phone\u00bb global_colors_info=\u00bb{}\u00bb]<\/p>\n<h1>Noticias y eventos<\/h1>\n<p>[\/et_pb_text][et_pb_divider color=\u00bb#511d19&#8243; divider_weight=\u00bb2px\u00bb _builder_version=\u00bb4.14.1&#8243; _module_preset=\u00bbdefault\u00bb width=\u00bb210px\u00bb height=\u00bb2px\u00bb custom_margin=\u00bb||0px||false|false\u00bb global_colors_info=\u00bb{}\u00bb][\/et_pb_divider][et_pb_button button_url=\u00bbhttps:\/\/miradalevante.com\/es\/contactos\/\u00bb button_text=\u00bbContacta con nosotros\u00bb _builder_version=\u00bb4.14.1&#8243; _module_preset=\u00bb3cfd7408-1427-4d2f-b482-f4daba988622&#8243; custom_button=\u00bbon\u00bb button_text_size=\u00bb14px\u00bb button_text_color=\u00bb#511d19&#8243; button_bg_color=\u00bbrgba(0,0,0,0)\u00bb button_border_width=\u00bb0px\u00bb button_letter_spacing=\u00bb3px\u00bb button_font=\u00bbTT commons|600||on|||||\u00bb transform_scale_tablet=\u00bb\u00bb transform_scale_phone=\u00bb\u00bb transform_scale_last_edited=\u00bbon|phone\u00bb transform_translate=\u00bb0px|-50%\u00bb transform_translate_tablet=\u00bb\u00bb transform_translate_phone=\u00bb0px|0%\u00bb transform_translate_last_edited=\u00bbon|phone\u00bb transform_translate_linked=\u00bboff\u00bb transform_rotate_tablet=\u00bb\u00bb transform_rotate_phone=\u00bb\u00bb transform_rotate_last_edited=\u00bbon|phone\u00bb transform_skew_tablet=\u00bb\u00bb transform_skew_phone=\u00bb\u00bb transform_skew_last_edited=\u00bbon|phone\u00bb transform_origin_tablet=\u00bb\u00bb transform_origin_phone=\u00bb\u00bb transform_origin_last_edited=\u00bbon|phone\u00bb transform_styles_last_edited=\u00bbon|phone\u00bb custom_margin=\u00bb|||230px|false|false\u00bb custom_margin_tablet=\u00bb\u00bb custom_margin_phone=\u00bb|||0px|false|false\u00bb custom_margin_last_edited=\u00bbon|phone\u00bb custom_padding=\u00bb|0px||0px|false|true\u00bb transform_styles_tablet=\u00bb\u00bb transform_styles_phone=\u00bb\u00bb global_colors_info=\u00bb{}\u00bb][\/et_pb_button][\/et_pb_column][\/et_pb_row][\/et_pb_section][et_pb_section fb_built=\u00bb1&#8243; admin_label=\u00bbProjects\u00bb _builder_version=\u00bb4.14.1&#8243; _module_preset=\u00bbdefault\u00bb background_color=\u00bb#deccbf\u00bb global_colors_info=\u00bb{}\u00bb][et_pb_row _builder_version=\u00bb4.14.1&#8243; _module_preset=\u00bbdefault\u00bb custom_margin=\u00bb||||false|false\u00bb locked=\u00bboff\u00bb global_colors_info=\u00bb{}\u00bb][et_pb_column type=\u00bb4_4&#8243; _builder_version=\u00bb4.7.7&#8243; _module_preset=\u00bbdefault\u00bb global_colors_info=\u00bb{}\u00bb][et_pb_text _builder_version=\u00bb4.14.1&#8243; _module_preset=\u00bb7d4a8cbc-5ddd-46c9-be95-23498c921cdd\u00bb header_2_font=\u00bbTT commons|500|||||||\u00bb header_2_text_color=\u00bb#511d19&#8243; header_2_font_size=\u00bb72px\u00bb header_2_line_height=\u00bb66px\u00bb header_2_font_size_tablet=\u00bb55px\u00bb header_2_font_size_phone=\u00bb40px\u00bb header_2_font_size_last_edited=\u00bbon|phone\u00bb header_2_line_height_tablet=\u00bb1.3em\u00bb header_2_line_height_phone=\u00bb1.4em\u00bb header_2_line_height_last_edited=\u00bbon|phone\u00bb locked=\u00bboff\u00bb global_colors_info=\u00bb{}\u00bb]<\/p>\n<h2>Noticias<\/h2>\n<p>[\/et_pb_text][\/et_pb_column][\/et_pb_row][et_pb_row _builder_version=\u00bb4.14.1&#8243; _module_preset=\u00bbdefault\u00bb custom_margin=\u00bb||||false|false\u00bb locked=\u00bboff\u00bb global_colors_info=\u00bb{}\u00bb][et_pb_column type=\u00bb4_4&#8243; _builder_version=\u00bb4.7.7&#8243; _module_preset=\u00bbdefault\u00bb global_colors_info=\u00bb{}\u00bb][et_pb_text _builder_version=\u00bb4.14.1&#8243; _module_preset=\u00bb7d4a8cbc-5ddd-46c9-be95-23498c921cdd\u00bb header_2_font=\u00bbTT commons|500|||||||\u00bb header_2_text_color=\u00bb#511d19&#8243; header_2_font_size=\u00bb72px\u00bb header_2_line_height=\u00bb66px\u00bb header_2_font_size_tablet=\u00bb55px\u00bb header_2_font_size_phone=\u00bb40px\u00bb header_2_font_size_last_edited=\u00bbon|phone\u00bb header_2_line_height_tablet=\u00bb1.3em\u00bb header_2_line_height_phone=\u00bb1.4em\u00bb header_2_line_height_last_edited=\u00bbon|phone\u00bb locked=\u00bboff\u00bb global_colors_info=\u00bb{}\u00bb]<\/p>\n<h4 data-start=\"147\" data-end=\"169\"><strong data-start=\"147\" data-end=\"169\">\u00a1Feliz 8 de marzo!<\/strong><\/h4>\n<h4 data-start=\"171\" data-end=\"415\">Hoy queremos felicitar especialmente a todas las mujeres que trabajan en el sector del reciclaje. Su dedicaci\u00f3n, esfuerzo y compromiso demuestran cada d\u00eda que no existen l\u00edmites cuando <strong data-start=\"356\" data-end=\"370\">hay pasi\u00f3n<\/strong> por el trabajo y por cuidar nuestro planeta.<\/h4>\n<h4 data-start=\"417\" data-end=\"539\">Gracias por su trabajo, su energ\u00eda y su ejemplo. Con su labor contribuyen a construir un futuro m\u00e1s sostenible para todos.<\/h4>\n<h4 data-start=\"541\" data-end=\"652\">En este d\u00eda les deseamos reconocimiento, nuevas oportunidades, bienestar y muchos motivos para seguir adelante.<\/h4>\n<h4 data-start=\"654\" data-end=\"700\"><strong data-start=\"654\" data-end=\"695\">\u00a1Feliz D\u00eda Internacional de la Mujer!<\/strong><\/h4>\n<p>[\/et_pb_text][et_pb_video src=\u00bbhttps:\/\/miradalevante.com\/wp-content\/uploads\/2026\/03\/Copy-FER_8M-2026.mp4&#8243; _builder_version=\u00bb4.14.1&#8243; _module_preset=\u00bbdefault\u00bb max_width=\u00bb100%\u00bb hover_enabled=\u00bb0&#8243; global_colors_info=\u00bb{}\u00bb sticky_enabled=\u00bb0&#8243;][\/et_pb_video][\/et_pb_column][\/et_pb_row][et_pb_row _builder_version=\u00bb4.14.1&#8243; _module_preset=\u00bbdefault\u00bb locked=\u00bboff\u00bb global_colors_info=\u00bb{}\u00bb][et_pb_column type=\u00bb4_4&#8243; _builder_version=\u00bb4.14.1&#8243; _module_preset=\u00bbdefault\u00bb global_colors_info=\u00bb{}\u00bb][et_pb_text _builder_version=\u00bb4.14.1&#8243; _module_preset=\u00bbdefault\u00bb global_colors_info=\u00bb{}\u00bb]<\/p>\n<h3><strong data-start=\"71\" data-end=\"92\">\u00a1Queridos socios!<\/strong><\/h3>\n<p>&nbsp;<\/p>\n<h3>Nos complace anunciar que la <strong data-start=\"125\" data-end=\"146\">Convenci\u00f3n de BIR<\/strong> se celebrar\u00e1 en <strong data-start=\"163\" data-end=\"191\">nuestra ciudad, Valencia<\/strong>.<\/h3>\n<h3>Esperamos veros durante la <strong data-start=\"222\" data-end=\"243\" data-is-only-node=\"\">BIR Valencia 2025<\/strong>, del <strong data-start=\"249\" data-end=\"269\">25 al 28 de mayo<\/strong>.<\/h3>\n<h3>Nos encontrar\u00e9is en el <strong data-start=\"296\" data-end=\"310\">STAND #B03<\/strong>.<\/h3>\n<p>&nbsp;<\/p>\n<h3>Para agendar una reuni\u00f3n personal con nuestro equipo, pod\u00e9is contactarnos en:<\/h3>\n<ul>\n<li>\n<h3><a class=\"cursor-pointer\" rel=\"noopener\" data-start=\"396\" data-end=\"418\">info@miradalevante.com<\/a> \/ +34 669 19 61 27 (Anna)<\/h3>\n<\/li>\n<li>\n<h3><a class=\"cursor-pointer\" rel=\"noopener\" data-start=\"453\" data-end=\"480\">comercial@miradalevante.com<\/a> \/ +34 631 22 23 92 (Andrei)<\/h3>\n<\/li>\n<li>\n<h3><a class=\"cursor-pointer\" rel=\"noopener\" data-start=\"517\" data-end=\"540\">trade@miradalevante.com<\/a> \/ +34 665 68 97 08 (Baghdad)<\/h3>\n<\/li>\n<\/ul>\n<p>&nbsp;<\/p>\n<p>[\/et_pb_text][\/et_pb_column][\/et_pb_row][et_pb_row _builder_version=\u00bb4.14.1&#8243; _module_preset=\u00bbdefault\u00bb global_colors_info=\u00bb{}\u00bb][et_pb_column type=\u00bb4_4&#8243; _builder_version=\u00bb4.14.1&#8243; _module_preset=\u00bbdefault\u00bb global_colors_info=\u00bb{}\u00bb][et_pb_image src=\u00bbhttps:\/\/miradalevante.com\/wp-content\/uploads\/2025\/05\/Screenshot_20250510_215037_LinkedIn.jpg\u00bb alt=\u00bbbir2025&#8243; title_text=\u00bbScreenshot_20250510_215037_LinkedIn\u00bb _builder_version=\u00bb4.14.1&#8243; _module_preset=\u00bbdefault\u00bb box_shadow_style=\u00bbpreset6&#8243; global_colors_info=\u00bb{}\u00bb][\/et_pb_image][\/et_pb_column][\/et_pb_row][et_pb_row _builder_version=\u00bb4.14.1&#8243; _module_preset=\u00bbdefault\u00bb global_colors_info=\u00bb{}\u00bb][et_pb_column type=\u00bb4_4&#8243; _builder_version=\u00bb4.14.1&#8243; _module_preset=\u00bbdefault\u00bb global_colors_info=\u00bb{}\u00bb][et_pb_divider color=\u00bb#000000&#8243; divider_weight=\u00bb4px\u00bb _builder_version=\u00bb4.14.1&#8243; _module_preset=\u00bbdefault\u00bb global_colors_info=\u00bb{}\u00bb][\/et_pb_divider][\/et_pb_column][\/et_pb_row][et_pb_row _builder_version=\u00bb4.14.1&#8243; _module_preset=\u00bbdefault\u00bb locked=\u00bboff\u00bb global_colors_info=\u00bb{}\u00bb][et_pb_column type=\u00bb4_4&#8243; _builder_version=\u00bb4.14.1&#8243; _module_preset=\u00bbdefault\u00bb global_colors_info=\u00bb{}\u00bb][et_pb_image src=\u00bbhttps:\/\/miradalevante.com\/wp-content\/uploads\/2023\/12\/CCF_000055_page-0001.jpg\u00bb title_text=\u00bbCCF_000055_page-0001&#8243; _builder_version=\u00bb4.14.1&#8243; _module_preset=\u00bbdefault\u00bb box_shadow_style=\u00bbpreset6&#8243; global_colors_info=\u00bb{}\u00bb][\/et_pb_image][\/et_pb_column][\/et_pb_row][et_pb_row _builder_version=\u00bb4.14.1&#8243; _module_preset=\u00bbdefault\u00bb global_colors_info=\u00bb{}\u00bb][et_pb_column type=\u00bb4_4&#8243; _builder_version=\u00bb4.14.1&#8243; _module_preset=\u00bbdefault\u00bb global_colors_info=\u00bb{}\u00bb][et_pb_text _builder_version=\u00bb4.14.1&#8243; _module_preset=\u00bbdefault\u00bb global_colors_info=\u00bb{}\u00bb]<\/p>\n<pre class=\"tw-data-text tw-text-large tw-ta\" data-placeholder=\"Traducci\u00f3n\" id=\"tw-target-text\" data-ved=\"2ahUKEwjZzailgtKCAxWdU6QEHYXgDIsQ3ewLegQIBRAQ\" dir=\"ltr\"><\/pre>\n<h2 style=\"text-align: center;\"><span style=\"color: #330101;\"><b>Nuestra empresa es reconocida como una de las 500 empresas l\u00edderes en crecimiento en 2023<\/b><\/span><\/h2>\n<p><strong><\/strong><\/p>\n<h4><\/h4>\n<p>[\/et_pb_text][\/et_pb_column][\/et_pb_row][et_pb_row _builder_version=\u00bb4.14.1&#8243; _module_preset=\u00bbdefault\u00bb custom_margin=\u00bb||||false|false\u00bb locked=\u00bboff\u00bb global_colors_info=\u00bb{}\u00bb][et_pb_column type=\u00bb4_4&#8243; _builder_version=\u00bb4.7.7&#8243; _module_preset=\u00bbdefault\u00bb global_colors_info=\u00bb{}\u00bb][et_pb_text _builder_version=\u00bb4.14.1&#8243; _module_preset=\u00bb7d4a8cbc-5ddd-46c9-be95-23498c921cdd\u00bb header_2_font=\u00bbTT commons|500|||||||\u00bb header_2_text_color=\u00bb#511d19&#8243; header_2_font_size=\u00bb72px\u00bb header_2_line_height=\u00bb66px\u00bb header_2_font_size_tablet=\u00bb55px\u00bb header_2_font_size_phone=\u00bb40px\u00bb header_2_font_size_last_edited=\u00bbon|phone\u00bb header_2_line_height_tablet=\u00bb1.3em\u00bb header_2_line_height_phone=\u00bb1.4em\u00bb header_2_line_height_last_edited=\u00bbon|phone\u00bb locked=\u00bboff\u00bb global_colors_info=\u00bb{}\u00bb]<\/p>\n<h2><span>Futuros eventos<\/span><\/h2>\n<p>[\/et_pb_text][\/et_pb_column][\/et_pb_row][et_pb_row _builder_version=\u00bb4.14.1&#8243; _module_preset=\u00bbdefault\u00bb global_colors_info=\u00bb{}\u00bb][et_pb_column type=\u00bb4_4&#8243; _builder_version=\u00bb4.14.1&#8243; _module_preset=\u00bbdefault\u00bb global_colors_info=\u00bb{}\u00bb][et_pb_image src=\u00bbhttps:\/\/miradalevante.com\/wp-content\/uploads\/2024\/10\/1729063897669.jpeg\u00bb title_text=\u00bb1729063897669&#8243; _builder_version=\u00bb4.14.1&#8243; _module_preset=\u00bbdefault\u00bb global_colors_info=\u00bb{}\u00bb][\/et_pb_image][\/et_pb_column][\/et_pb_row][et_pb_row _builder_version=\u00bb4.14.1&#8243; _module_preset=\u00bbdefault\u00bb global_colors_info=\u00bb{}\u00bb][et_pb_column type=\u00bb4_4&#8243; _builder_version=\u00bb4.14.1&#8243; _module_preset=\u00bbdefault\u00bb global_colors_info=\u00bb{}\u00bb][et_pb_text _builder_version=\u00bb4.14.1&#8243; _module_preset=\u00bbdefault\u00bb global_colors_info=\u00bb{}\u00bb]<\/p>\n<h2 style=\"text-align: center;\"><span style=\"color: #330101;\"><b>Estimados socios, estaremos encantados de verlos durante la Convenci\u00f3n BIR SINGAPORE 2024 los d\u00edas 27,28 y 29 de octubre. Nos podr\u00e1n encontrar en el STAND #S06\u267b\ufe0f<br \/>Por favor concierte una reuni\u00f3n personal con nuestro equipo:<br \/>info@miradalevante.com \/ +34 669 19 61 27 (Ana)<br \/>comercial@miradalevante.com \/ +34 631 22 23 92 (Andr\u00e9i)<\/p>\n<p><\/b><\/span><\/h2>\n<h2 style=\"text-align: center;\"><span style=\"color: #330101;\"><b>#BIRCopenhagen2024 #RecyclingIndustry #Innovation #RecyclingExhibition #RecyclingSolutions #RecyclingTechnology<\/b><\/span><\/h2>\n<p><strong><\/strong><\/p>\n<h4><\/h4>\n<p>[\/et_pb_text][\/et_pb_column][\/et_pb_row][\/et_pb_section][et_pb_section fb_built=\u00bb1&#8243; admin_label=\u00bbProjects\u00bb _builder_version=\u00bb4.14.1&#8243; _module_preset=\u00bbdefault\u00bb background_color=\u00bb#deccbf\u00bb global_colors_info=\u00bb{}\u00bb][et_pb_row _builder_version=\u00bb4.14.1&#8243; _module_preset=\u00bbdefault\u00bb custom_margin=\u00bb||||false|false\u00bb locked=\u00bboff\u00bb global_colors_info=\u00bb{}\u00bb][et_pb_column type=\u00bb4_4&#8243; _builder_version=\u00bb4.7.7&#8243; _module_preset=\u00bbdefault\u00bb global_colors_info=\u00bb{}\u00bb][et_pb_text _builder_version=\u00bb4.14.1&#8243; _module_preset=\u00bb7d4a8cbc-5ddd-46c9-be95-23498c921cdd\u00bb header_2_font=\u00bbTT commons|500|||||||\u00bb header_2_text_color=\u00bb#511d19&#8243; header_2_font_size=\u00bb72px\u00bb header_2_line_height=\u00bb66px\u00bb header_2_font_size_tablet=\u00bb55px\u00bb header_2_font_size_phone=\u00bb40px\u00bb header_2_font_size_last_edited=\u00bbon|phone\u00bb header_2_line_height_tablet=\u00bb1.3em\u00bb header_2_line_height_phone=\u00bb1.4em\u00bb header_2_line_height_last_edited=\u00bbon|phone\u00bb locked=\u00bboff\u00bb global_colors_info=\u00bb{}\u00bb]<\/p>\n<h2><span>Eventos pasados<\/span><\/h2>\n<p>[\/et_pb_text][\/et_pb_column][\/et_pb_row][et_pb_row column_structure=\u00bb1_2,1_2&#8243; _builder_version=\u00bb4.14.1&#8243; _module_preset=\u00bbdefault\u00bb global_colors_info=\u00bb{}\u00bb][et_pb_column type=\u00bb1_2&#8243; _builder_version=\u00bb4.14.1&#8243; _module_preset=\u00bbdefault\u00bb global_colors_info=\u00bb{}\u00bb][et_pb_image src=\u00bbhttps:\/\/miradalevante.com\/wp-content\/uploads\/2024\/10\/Imagen-de-WhatsApp-2024-05-28-a-las-13.36.59_8b4e26a2-scaled.jpg\u00bb title_text=\u00bbImagen de WhatsApp 2024-05-28 a las 13.36.59_8b4e26a2&#8243; _builder_version=\u00bb4.14.1&#8243; _module_preset=\u00bbdefault\u00bb box_shadow_style=\u00bbpreset6&#8243; global_colors_info=\u00bb{}\u00bb][\/et_pb_image][\/et_pb_column][et_pb_column type=\u00bb1_2&#8243; _builder_version=\u00bb4.14.1&#8243; _module_preset=\u00bbdefault\u00bb global_colors_info=\u00bb{}\u00bb][et_pb_text _builder_version=\u00bb4.14.1&#8243; _module_preset=\u00bbdefault\u00bb inline_fonts=\u00bbABeeZee\u00bb global_colors_info=\u00bb{}\u00bb]<\/p>\n<pre class=\"tw-data-text tw-text-large tw-ta\" data-placeholder=\"Traducci\u00f3n\" id=\"tw-target-text\" data-ved=\"2ahUKEwjZzailgtKCAxWdU6QEHYXgDIsQ3ewLegQIBRAQ\" dir=\"ltr\"> <\/pre>\n<h2 style=\"text-align: center;\"><b><\/b><\/h2>\n<h2 style=\"text-align: center;\"><b><\/b><\/h2>\n<h2 style=\"text-align: center;\"><b><\/b><\/h2>\n<h2 style=\"text-align: center;\"><b><\/b><\/h2>\n<h2 style=\"text-align: center;\"><b><\/b><\/h2>\n<h2 style=\"text-align: center;\"><b><\/b><\/h2>\n<h2 style=\"text-align: center;\"><b><\/b><\/h2>\n<h2 style=\"text-align: center;\"><b><\/b><\/h2>\n<h2 style=\"text-align: center;\"><b><\/b><\/h2>\n<h2 style=\"text-align: center;\"><b><\/b><\/h2>\n<h2 style=\"text-align: center;\"><b>Convenci\u00f3n BIR<\/b><\/h2>\n<h2 style=\"text-align: center;\"><b>27-29 DE MAYO DE 2024 EN COPENHAGUE<\/b><\/h2>\n<p><b><\/b><\/p>\n<h2 style=\"text-align: center;\"><b>En la convenci\u00f3n BIR COPENHAGUE tuvimos el honor de recibir la visita de los REPRESENTANTES de FER, siendo nuestro stand #B07 el \u00fanico expositor espa\u00f1ol en la feria. <\/b><\/h2>\n<h2 style=\"text-align: center;\"><b><\/b><\/h2>\n<h2 style=\"text-align: center;\"><b>Queremos ofrecer nuestro mas sincero agradecimiento a los visitante.<\/b><\/h2>\n<p><b><\/b><\/p>\n<p><b><\/b><\/p>\n<h2 style=\"text-align: center;\"><strong><\/strong><\/h2>\n<p><strong><\/strong><\/p>\n<h4><\/h4>\n<p>[\/et_pb_text][\/et_pb_column][\/et_pb_row][et_pb_row column_structure=\u00bb1_4,1_4,1_4,1_4&#8243; _builder_version=\u00bb4.14.1&#8243; _module_preset=\u00bbdefault\u00bb global_colors_info=\u00bb{}\u00bb][et_pb_column type=\u00bb1_4&#8243; _builder_version=\u00bb4.14.1&#8243; _module_preset=\u00bbdefault\u00bb global_colors_info=\u00bb{}\u00bb][et_pb_image src=\u00bbhttps:\/\/miradalevante.com\/wp-content\/uploads\/2023\/11\/Imagen-de-WhatsApp-2023-10-23-a-las-08.03.38_4de2b9d4.jpg\u00bb title_text=\u00bbImagen de WhatsApp 2023-10-23 a las 08.03.38_4de2b9d4&#8243; _builder_version=\u00bb4.14.1&#8243; _module_preset=\u00bbdefault\u00bb global_colors_info=\u00bb{}\u00bb][\/et_pb_image][\/et_pb_column][et_pb_column type=\u00bb1_4&#8243; _builder_version=\u00bb4.14.1&#8243; _module_preset=\u00bbdefault\u00bb global_colors_info=\u00bb{}\u00bb][et_pb_image src=\u00bbhttps:\/\/miradalevante.com\/wp-content\/uploads\/2023\/11\/Imagen-de-WhatsApp-2023-10-23-a-las-10.53.05_e60e0eb9.jpg\u00bb title_text=\u00bbImagen de WhatsApp 2023-10-23 a las 10.53.05_e60e0eb9&#8243; _builder_version=\u00bb4.14.1&#8243; _module_preset=\u00bbdefault\u00bb global_colors_info=\u00bb{}\u00bb][\/et_pb_image][\/et_pb_column][et_pb_column type=\u00bb1_4&#8243; _builder_version=\u00bb4.14.1&#8243; _module_preset=\u00bbdefault\u00bb global_colors_info=\u00bb{}\u00bb][et_pb_image src=\u00bbhttps:\/\/miradalevante.com\/wp-content\/uploads\/2023\/11\/Imagen-de-WhatsApp-2023-10-24-a-las-12.34.47_19121184.jpg\u00bb title_text=\u00bbImagen de WhatsApp 2023-10-24 a las 12.34.47_19121184&#8243; _builder_version=\u00bb4.14.1&#8243; _module_preset=\u00bbdefault\u00bb global_colors_info=\u00bb{}\u00bb][\/et_pb_image][\/et_pb_column][et_pb_column type=\u00bb1_4&#8243; _builder_version=\u00bb4.14.1&#8243; _module_preset=\u00bbdefault\u00bb global_colors_info=\u00bb{}\u00bb][et_pb_image src=\u00bbhttps:\/\/miradalevante.com\/wp-content\/uploads\/2023\/11\/Imagen-de-WhatsApp-2023-10-24-a-las-12.34.46_76356dc0.jpg\u00bb title_text=\u00bbImagen de WhatsApp 2023-10-24 a las 12.34.46_76356dc0&#8243; _builder_version=\u00bb4.14.1&#8243; _module_preset=\u00bbdefault\u00bb global_colors_info=\u00bb{}\u00bb][\/et_pb_image][\/et_pb_column][\/et_pb_row][et_pb_row _builder_version=\u00bb4.14.1&#8243; _module_preset=\u00bbdefault\u00bb global_colors_info=\u00bb{}\u00bb][et_pb_column type=\u00bb4_4&#8243; _builder_version=\u00bb4.14.1&#8243; _module_preset=\u00bbdefault\u00bb global_colors_info=\u00bb{}\u00bb][et_pb_text _builder_version=\u00bb4.14.1&#8243; _module_preset=\u00bbdefault\u00bb global_colors_info=\u00bb{}\u00bb]<\/p>\n<pre class=\"tw-data-text tw-text-large tw-ta\" data-placeholder=\"Traducci\u00f3n\" id=\"tw-target-text\" data-ved=\"2ahUKEwjZzailgtKCAxWdU6QEHYXgDIsQ3ewLegQIBRAQ\" dir=\"ltr\"><\/pre>\n<h2 style=\"text-align: center;\"><b>Convenci\u00f3n BIR\u00a0<\/b><br \/><b>Del 22 al 24 de octubre de 2023 en Abu Dabi\u00a0<\/b><\/h2>\n<h2 style=\"text-align: center;\"><b>\u00a1Queremos agradecer a todos los visitantes de nuestro expositor! \u00a1Realmente apreciamos su inter\u00e9s y esperamos poder verlos el pr\u00f3ximo evento!<\/b><strong><\/strong><\/h2>\n<p><strong><\/strong><\/p>\n<h4><\/h4>\n<p>[\/et_pb_text][\/et_pb_column][\/et_pb_row][et_pb_row column_structure=\u00bb1_3,1_3,1_3&#8243; _builder_version=\u00bb4.14.1&#8243; _module_preset=\u00bbdefault\u00bb global_colors_info=\u00bb{}\u00bb][et_pb_column type=\u00bb1_3&#8243; _builder_version=\u00bb4.14.1&#8243; _module_preset=\u00bbdefault\u00bb global_colors_info=\u00bb{}\u00bb][et_pb_image src=\u00bbhttps:\/\/miradalevante.com\/wp-content\/uploads\/2023\/09\/f557749e-99d4-4697-adae-c696916eb761-.jpg\u00bb title_text=\u00bbf557749e-99d4-4697-adae-c696916eb761&#8243; _builder_version=\u00bb4.14.1&#8243; _module_preset=\u00bbdefault\u00bb global_colors_info=\u00bb{}\u00bb][\/et_pb_image][\/et_pb_column][et_pb_column type=\u00bb1_3&#8243; _builder_version=\u00bb4.14.1&#8243; _module_preset=\u00bbdefault\u00bb global_colors_info=\u00bb{}\u00bb][et_pb_image src=\u00bbhttps:\/\/miradalevante.com\/wp-content\/uploads\/2023\/09\/c54e3645-b4fd-4c86-a8e3-447a4ec4c928.jpg\u00bb title_text=\u00bbc54e3645-b4fd-4c86-a8e3-447a4ec4c928&#8243; _builder_version=\u00bb4.14.1&#8243; _module_preset=\u00bbdefault\u00bb global_colors_info=\u00bb{}\u00bb][\/et_pb_image][\/et_pb_column][et_pb_column type=\u00bb1_3&#8243; _builder_version=\u00bb4.14.1&#8243; _module_preset=\u00bbdefault\u00bb global_colors_info=\u00bb{}\u00bb][et_pb_image src=\u00bbhttps:\/\/miradalevante.com\/wp-content\/uploads\/2023\/09\/99e302fe-98b7-4d76-a418-501cf3a389ac.jpg\u00bb title_text=\u00bb99e302fe-98b7-4d76-a418-501cf3a389ac\u00bb _builder_version=\u00bb4.14.1&#8243; _module_preset=\u00bbdefault\u00bb global_colors_info=\u00bb{}\u00bb][\/et_pb_image][\/et_pb_column][\/et_pb_row][et_pb_row _builder_version=\u00bb4.14.1&#8243; _module_preset=\u00bbdefault\u00bb global_colors_info=\u00bb{}\u00bb][et_pb_column type=\u00bb4_4&#8243; _builder_version=\u00bb4.14.1&#8243; _module_preset=\u00bbdefault\u00bb global_colors_info=\u00bb{}\u00bb][et_pb_text _builder_version=\u00bb4.14.1&#8243; _module_preset=\u00bbdefault\u00bb global_colors_info=\u00bb{}\u00bb]<\/p>\n<h2 style=\"text-align: center;\"><strong>\u00a0Feria del Reciclaje de Pl\u00e1sticos<br \/>Del 5 al 7 de septiembre de 2023 en Medio Oriente y \u00c1frica\u00a0<\/strong><\/h2>\n<h4><\/h4>\n<p>[\/et_pb_text][\/et_pb_column][\/et_pb_row][et_pb_row column_structure=\u00bb1_5,3_5,1_5&#8243; _builder_version=\u00bb4.14.1&#8243; _module_preset=\u00bbdefault\u00bb global_colors_info=\u00bb{}\u00bb][et_pb_column type=\u00bb1_5&#8243; _builder_version=\u00bb4.14.1&#8243; _module_preset=\u00bbdefault\u00bb global_colors_info=\u00bb{}\u00bb][et_pb_image src=\u00bbhttps:\/\/miradalevante.com\/wp-content\/uploads\/2023\/09\/Imagen-de-WhatsApp-2023-09-11-a-las-12.35.51.jpg\u00bb title_text=\u00bbImagen de WhatsApp 2023-09-11 a las 12.35.51&#8243; _builder_version=\u00bb4.14.1&#8243; _module_preset=\u00bbdefault\u00bb global_colors_info=\u00bb{}\u00bb][\/et_pb_image][\/et_pb_column][et_pb_column type=\u00bb3_5&#8243; _builder_version=\u00bb4.14.1&#8243; _module_preset=\u00bbdefault\u00bb global_colors_info=\u00bb{}\u00bb][et_pb_image src=\u00bbhttps:\/\/miradalevante.com\/wp-content\/uploads\/2023\/09\/Imagen-de-WhatsApp-2023-09-11-a-las-12.34.12.jpg\u00bb title_text=\u00bbImagen de WhatsApp 2023-09-11 a las 12.34.12&#8243; _builder_version=\u00bb4.14.1&#8243; _module_preset=\u00bbdefault\u00bb global_colors_info=\u00bb{}\u00bb][\/et_pb_image][\/et_pb_column][et_pb_column type=\u00bb1_5&#8243; _builder_version=\u00bb4.14.1&#8243; _module_preset=\u00bbdefault\u00bb global_colors_info=\u00bb{}\u00bb][et_pb_image src=\u00bbhttps:\/\/miradalevante.com\/wp-content\/uploads\/2023\/09\/Imagen-de-WhatsApp-2023-09-11-a-las-12.35.51.jpg\u00bb title_text=\u00bbImagen de WhatsApp 2023-09-11 a las 12.35.51&#8243; _builder_version=\u00bb4.14.1&#8243; _module_preset=\u00bbdefault\u00bb global_colors_info=\u00bb{}\u00bb][\/et_pb_image][\/et_pb_column][\/et_pb_row][et_pb_row _builder_version=\u00bb4.14.1&#8243; _module_preset=\u00bbdefault\u00bb global_colors_info=\u00bb{}\u00bb][et_pb_column type=\u00bb4_4&#8243; _builder_version=\u00bb4.7.7&#8243; _module_preset=\u00bbdefault\u00bb global_colors_info=\u00bb{}\u00bb][et_pb_text _builder_version=\u00bb4.14.1&#8243; _module_preset=\u00bbdefault\u00bb global_colors_info=\u00bb{}\u00bb]<\/p>\n<h2 style=\"text-align: center;\"><strong>Convenci\u00f3n y Exposici\u00f3n Mundial del Reciclaje<br \/>(21)22-23 de mayo de 2023 en \u00c1msterdam, Pa\u00edses Bajos<\/strong><\/h2>\n<h4><\/h4>\n<p>[\/et_pb_text][et_pb_text _builder_version=\u00bb4.14.1&#8243; _module_preset=\u00bbdefault\u00bb global_colors_info=\u00bb{}\u00bb][\/et_pb_text][et_pb_image src=\u00bbhttps:\/\/miradalevante.com\/wp-content\/uploads\/2022\/10\/WhatsApp-Image-2022-10-21-at-10.26.44.jpeg\u00bb title_text=\u00bbWhatsApp Image 2022-10-21 at 10.26.44&#8243; url=\u00bb#\u00bb _builder_version=\u00bb4.14.1&#8243; _module_preset=\u00bbdefault\u00bb box_shadow_style=\u00bbpreset3&#8243; box_shadow_vertical=\u00bb72px\u00bb box_shadow_blur=\u00bb64px\u00bb box_shadow_spread=\u00bb-16px\u00bb box_shadow_color=\u00bbrgba(0,0,0,0)\u00bb global_colors_info=\u00bb{}\u00bb box_shadow_color__hover=\u00bbrgba(0,0,0,0.4)\u00bb box_shadow_color__hover_enabled=\u00bbon|hover\u00bb][\/et_pb_image][et_pb_text _builder_version=\u00bb4.14.1&#8243; _module_preset=\u00bbdefault\u00bb global_colors_info=\u00bb{}\u00bb]<\/p>\n<h2 style=\"text-align: center;\"><strong>Conferencia Internacional sobre Reciclaje y Procesamiento Sostenible de Metales<\/strong><br \/><strong>(16)17 y 18 de octubre de 2022 en Dub\u00e1i, Emiratos \u00c1rabes Unidos<\/strong><\/h2>\n<h4><\/h4>\n<p>[\/et_pb_text][et_pb_image src=\u00bbhttps:\/\/miradalevante.com\/wp-content\/uploads\/2022\/06\/WhatsApp-Image-2022-06-15-at-1.37.37-PM.jpeg\u00bb title_text=\u00bbWhatsApp Image 2022-06-15 at 1.37.37 PM\u00bb url=\u00bb#\u00bb align=\u00bbcenter\u00bb _builder_version=\u00bb4.14.1&#8243; _module_preset=\u00bbdefault\u00bb box_shadow_style=\u00bbpreset3&#8243; box_shadow_vertical=\u00bb72px\u00bb box_shadow_blur=\u00bb64px\u00bb box_shadow_spread=\u00bb-16px\u00bb box_shadow_color=\u00bbrgba(0,0,0,0)\u00bb global_colors_info=\u00bb{}\u00bb box_shadow_color__hover=\u00bbrgba(0,0,0,0.4)\u00bb box_shadow_color__hover_enabled=\u00bbon|hover\u00bb][\/et_pb_image][et_pb_text _builder_version=\u00bb4.14.1&#8243; _module_preset=\u00bbdefault\u00bb global_colors_info=\u00bb{}\u00bb]<\/p>\n<h2 style=\"text-align: center;\"><strong>Madrid, Espa\u00f1a, 15-16 de Junio, 2022<\/strong><\/h2>\n<h4><\/h4>\n<p>[\/et_pb_text][et_pb_image src=\u00bbhttps:\/\/miradalevante.com\/wp-content\/uploads\/2022\/05\/WhatsApp-Image-2022-05-26-at-8.46.41-AM.jpeg\u00bb title_text=\u00bbWhatsApp Image 2022-05-26 at 8.46.41 AM\u00bb url=\u00bb#\u00bb _builder_version=\u00bb4.14.1&#8243; _module_preset=\u00bbdefault\u00bb box_shadow_style=\u00bbpreset3&#8243; box_shadow_vertical=\u00bb72px\u00bb box_shadow_blur=\u00bb64px\u00bb box_shadow_spread=\u00bb-16px\u00bb box_shadow_color=\u00bbrgba(0,0,0,0)\u00bb global_colors_info=\u00bb{}\u00bb box_shadow_color__hover=\u00bbrgba(0,0,0,0.4)\u00bb box_shadow_color__hover_enabled=\u00bbon|hover\u00bb][\/et_pb_image][et_pb_text _builder_version=\u00bb4.14.1&#8243; _module_preset=\u00bbe38091b3-594f-44c4-a496-057b6952fce8&#8243; header_font=\u00bb|600|||||||\u00bb header_3_font=\u00bbTT commons|600|||||||\u00bb header_3_text_color=\u00bb#000000&#8243; header_3_font_size=\u00bb24px\u00bb header_3_line_height=\u00bb22px\u00bb header_3_font_size_tablet=\u00bb24px\u00bb header_3_font_size_phone=\u00bb24px\u00bb header_3_font_size_last_edited=\u00bbon|phone\u00bb global_colors_info=\u00bb{}\u00bb]<\/p>\n<h1 class=\"uk-margin-large-top uk-margin-remove-bottom uk-text-center uk-h2\" itemprop=\"name\" style=\"text-align: center;\">BIR Global eForum 2022, <strong>Barcelona, Espa\u00f1a (22) 23-25 de Mayo 2022<\/strong><\/h1>\n<h1><\/h1>\n<p>[\/et_pb_text][et_pb_image src=\u00bbhttps:\/\/miradalevante.com\/wp-content\/uploads\/2022\/05\/GREEN-PLAST.jpg\u00bb title_text=\u00bbGREEN PLAST\u00bb url=\u00bb#\u00bb align=\u00bbcenter\u00bb _builder_version=\u00bb4.14.1&#8243; _module_preset=\u00bbdefault\u00bb min_height=\u00bb184.7px\u00bb custom_padding=\u00bb35px||42px|||\u00bb box_shadow_style=\u00bbpreset3&#8243; box_shadow_vertical=\u00bb72px\u00bb box_shadow_blur=\u00bb64px\u00bb box_shadow_spread=\u00bb-16px\u00bb box_shadow_color=\u00bbrgba(0,0,0,0)\u00bb global_colors_info=\u00bb{}\u00bb box_shadow_color__hover=\u00bbrgba(0,0,0,0.4)\u00bb box_shadow_color__hover_enabled=\u00bbon|hover\u00bb][\/et_pb_image][et_pb_text _builder_version=\u00bb4.14.1&#8243; _module_preset=\u00bbe38091b3-594f-44c4-a496-057b6952fce8&#8243; header_font=\u00bb|600|||||||\u00bb header_3_font=\u00bbTT commons|600|||||||\u00bb header_3_text_color=\u00bb#000000&#8243; header_3_font_size=\u00bb24px\u00bb header_3_line_height=\u00bb22px\u00bb header_3_font_size_tablet=\u00bb24px\u00bb header_3_font_size_phone=\u00bb24px\u00bb header_3_font_size_last_edited=\u00bbon|phone\u00bb locked=\u00bboff\u00bb global_colors_info=\u00bb{}\u00bb]<\/p>\n<h1 class=\"m_title\" style=\"text-align: center;\"><strong><span class=\"fw-thin fw-semibold\">3-6 de Mayo 2022, Milan, Italy<\/span><\/strong><\/h1>\n<p>[\/et_pb_text][et_pb_image src=\u00bbhttps:\/\/miradalevante.com\/wp-content\/uploads\/2022\/05\/WhatsApp-Image-2021-11-17-at-10.32.06.jpeg\u00bb title_text=\u00bbWhatsApp Image 2021-11-17 at 10.32.06&#8243; url=\u00bb#\u00bb align=\u00bbcenter\u00bb _builder_version=\u00bb4.14.1&#8243; _module_preset=\u00bbdefault\u00bb box_shadow_style=\u00bbpreset3&#8243; box_shadow_vertical=\u00bb72px\u00bb box_shadow_blur=\u00bb64px\u00bb box_shadow_spread=\u00bb-16px\u00bb box_shadow_color=\u00bbrgba(0,0,0,0)\u00bb global_colors_info=\u00bb{}\u00bb box_shadow_color__hover=\u00bbrgba(0,0,0,0.4)\u00bb box_shadow_color__hover_enabled=\u00bbon|hover\u00bb][\/et_pb_image][et_pb_text _builder_version=\u00bb4.14.1&#8243; _module_preset=\u00bbe38091b3-594f-44c4-a496-057b6952fce8&#8243; header_font=\u00bb|600|||||||\u00bb header_3_font=\u00bbTT commons|600|||||||\u00bb header_3_text_color=\u00bb#000000&#8243; header_3_font_size=\u00bb24px\u00bb header_3_line_height=\u00bb22px\u00bb header_3_font_size_tablet=\u00bb24px\u00bb header_3_font_size_phone=\u00bb24px\u00bb header_3_font_size_last_edited=\u00bbon|phone\u00bb global_colors_info=\u00bb{}\u00bb]<\/p>\n<h1 style=\"text-align: center;\">Bruselas, 25-26 de Octubre, 2021<\/h1>\n<h1><\/h1>\n<p>[\/et_pb_text][\/et_pb_column][\/et_pb_row][et_pb_row _builder_version=\u00bb4.14.1&#8243; _module_preset=\u00bbdefault\u00bb global_colors_info=\u00bb{}\u00bb][et_pb_column type=\u00bb4_4&#8243; _builder_version=\u00bb4.7.7&#8243; _module_preset=\u00bbdefault\u00bb global_colors_info=\u00bb{}\u00bb][et_pb_image src=\u00bbhttps:\/\/miradalevante.com\/wp-content\/uploads\/2022\/07\/WhatsApp-Image-2022-05-06-at-10.02.06-AM-1-e1659446326175.jpeg\u00bb title_text=\u00bbWhatsApp Image 2022-05-06 at 10.02.06 AM (1)\u00bb url=\u00bb#\u00bb _builder_version=\u00bb4.14.1&#8243; _module_preset=\u00bbdefault\u00bb box_shadow_style=\u00bbpreset3&#8243; box_shadow_vertical=\u00bb72px\u00bb box_shadow_blur=\u00bb64px\u00bb box_shadow_spread=\u00bb-16px\u00bb box_shadow_color=\u00bbrgba(0,0,0,0)\u00bb global_colors_info=\u00bb{}\u00bb box_shadow_color__hover=\u00bbrgba(0,0,0,0.4)\u00bb box_shadow_color__hover_enabled=\u00bbon|hover\u00bb][\/et_pb_image][et_pb_text _builder_version=\u00bb4.14.1&#8243; _module_preset=\u00bbe38091b3-594f-44c4-a496-057b6952fce8&#8243; header_font=\u00bb|600|||||||\u00bb header_3_font=\u00bbTT commons|600|||||||\u00bb header_3_text_color=\u00bb#000000&#8243; header_3_font_size=\u00bb24px\u00bb header_3_line_height=\u00bb22px\u00bb header_3_font_size_tablet=\u00bb24px\u00bb header_3_font_size_phone=\u00bb24px\u00bb header_3_font_size_last_edited=\u00bbon|phone\u00bb global_colors_info=\u00bb{}\u00bb]<\/p>\n<h1 style=\"text-align: center;\">Benidorm (Alicante), Espa\u00f1a 30.09-01.10.2021<\/h1>\n<h1><\/h1>\n<p>[\/et_pb_text][et_pb_image src=\u00bbhttps:\/\/miradalevante.com\/wp-content\/uploads\/2022\/05\/WhatsApp-Image-2022-05-06-at-10.04.05-AM-1-e1652366706224.jpeg\u00bb title_text=\u00bbWhatsApp Image 2022-05-06 at 10.04.05 AM (1)\u00bb url=\u00bb#\u00bb _builder_version=\u00bb4.14.1&#8243; _module_preset=\u00bbdefault\u00bb min_height=\u00bb184.7px\u00bb custom_padding=\u00bb35px||42px|||\u00bb box_shadow_style=\u00bbpreset3&#8243; box_shadow_vertical=\u00bb72px\u00bb box_shadow_blur=\u00bb64px\u00bb box_shadow_spread=\u00bb-16px\u00bb box_shadow_color=\u00bbrgba(0,0,0,0)\u00bb global_colors_info=\u00bb{}\u00bb box_shadow_color__hover=\u00bbrgba(0,0,0,0.4)\u00bb box_shadow_color__hover_enabled=\u00bbon|hover\u00bb][\/et_pb_image][et_pb_text _builder_version=\u00bb4.14.1&#8243; _module_preset=\u00bbe38091b3-594f-44c4-a496-057b6952fce8&#8243; header_font=\u00bb|600|||||||\u00bb header_3_font=\u00bbTT commons|600|||||||\u00bb header_3_text_color=\u00bb#000000&#8243; header_3_font_size=\u00bb24px\u00bb header_3_line_height=\u00bb22px\u00bb header_3_font_size_tablet=\u00bb24px\u00bb header_3_font_size_phone=\u00bb24px\u00bb header_3_font_size_last_edited=\u00bbon|phone\u00bb locked=\u00bboff\u00bb global_colors_info=\u00bb{}\u00bb]<\/p>\n<h1 class=\"m_title\" style=\"text-align: center;\">Budapest, Hungr\u00eda 2019<\/h1>\n<p>[\/et_pb_text][\/et_pb_column][\/et_pb_row][\/et_pb_section][et_pb_section fb_built=\u00bb1&#8243; prev_background_color=\u00bb#deccbf\u00bb admin_label=\u00bbCall to Action\u00bb _builder_version=\u00bb4.14.1&#8243; _module_preset=\u00bbdefault\u00bb background_image=\u00bbhttps:\/\/miradalevante.com\/wp-content\/uploads\/2022\/01\/Rectangle-162.jpg\u00bb min_height=\u00bb800px\u00bb custom_padding=\u00bb8vw||8vw||true|false\u00bb top_divider_style=\u00bbarrow\u00bb top_divider_height=\u00bb10vw\u00bb global_colors_info=\u00bb{}\u00bb][\/et_pb_section][et_pb_section fb_built=\u00bb1&#8243; admin_label=\u00bbFooter\u00bb _builder_version=\u00bb4.14.1&#8243; _module_preset=\u00bbdefault\u00bb background_color=\u00bb#511d19&#8243; background_enable_image=\u00bboff\u00bb background_size=\u00bbinitial\u00bb saved_tabs=\u00bball\u00bb global_colors_info=\u00bb{}\u00bb][et_pb_row column_structure=\u00bb1_4,1_4,1_2&#8243; _builder_version=\u00bb4.7.7&#8243; _module_preset=\u00bbdefault\u00bb global_colors_info=\u00bb{}\u00bb][et_pb_column type=\u00bb1_4&#8243; _builder_version=\u00bb4.7.7&#8243; _module_preset=\u00bbdefault\u00bb global_colors_info=\u00bb{}\u00bb][et_pb_image src=\u00bbhttps:\/\/miradalevante.com\/wp-content\/uploads\/2022\/01\/Logo2.png\u00bb title_text=\u00bbLogo2&#8243; _builder_version=\u00bb4.14.1&#8243; _module_preset=\u00bbdefault\u00bb global_colors_info=\u00bb{}\u00bb][\/et_pb_image][et_pb_text _builder_version=\u00bb4.14.1&#8243; _module_preset=\u00bbdefault\u00bb text_font=\u00bbTT commons||||||||\u00bb text_text_color=\u00bb#dfcdc0&#8243; text_font_size=\u00bb16px\u00bb text_line_height=\u00bb25px\u00bb background_layout=\u00bbdark\u00bb width=\u00bb450px\u00bb width_tablet=\u00bb500px\u00bb width_phone=\u00bbauto\u00bb width_last_edited=\u00bbon|phone\u00bb text_font_size_tablet=\u00bb16px\u00bb text_font_size_phone=\u00bb16px\u00bb text_font_size_last_edited=\u00bbon|phone\u00bb global_colors_info=\u00bb{}\u00bb]<\/p>\n<p>Mirada Levante S.L.<\/p>\n<p>NIF B40504946<br \/>Direcci\u00f3n : P.I. Fuente de los arrieros, Sector 5, Parcela 20\u00aa 16260, Minglanilla, Cuenca, Espa\u00f1a<\/p>\n<p>[\/et_pb_text][et_pb_icon font_icon=\u00bb&#xe0a3;||divi||400&#8243; icon_color=\u00bb#dfcdc0&#8243; icon_width=\u00bb40px\u00bb url=\u00bbhttps:\/\/youtu.be\/nQfCoYmO6So\u00bb url_new_window=\u00bbon\u00bb align=\u00bbleft\u00bb _builder_version=\u00bb4.14.1&#8243; _module_preset=\u00bbdefault\u00bb global_colors_info=\u00bb{}\u00bb][\/et_pb_icon][\/et_pb_column][et_pb_column type=\u00bb1_4&#8243; _builder_version=\u00bb4.7.7&#8243; _module_preset=\u00bbdefault\u00bb global_colors_info=\u00bb{}\u00bb][\/et_pb_column][et_pb_column type=\u00bb1_2&#8243; _builder_version=\u00bb4.7.7&#8243; _module_preset=\u00bbdefault\u00bb global_colors_info=\u00bb{}\u00bb][et_pb_contact_form captcha=\u00bboff\u00bb submit_button_text=\u00bbEnviar\u00bb _builder_version=\u00bb4.14.1&#8243; _module_preset=\u00bbdefault\u00bb _unique_id=\u00bb6742fddb-233c-4a0a-a371-e18f9bbe1be6&#8243; form_field_background_color=\u00bbRGBA(255,255,255,0)\u00bb form_field_text_color=\u00bb#dfcdc0&#8243; form_field_custom_padding=\u00bb8px||8px||true|false\u00bb form_field_font_size=\u00bb12px\u00bb form_field_line_height=\u00bb1.8em\u00bb custom_button=\u00bbon\u00bb button_text_size=\u00bb18px\u00bb button_text_color=\u00bb#511d19&#8243; button_bg_color=\u00bb#dfcdc0&#8243; button_border_width=\u00bb0px\u00bb button_border_radius=\u00bb0px\u00bb button_letter_spacing=\u00bb1px\u00bb button_font=\u00bb|700|||||||\u00bb button_use_icon=\u00bboff\u00bb button_custom_margin=\u00bb10px||||false|false\u00bb button_custom_padding=\u00bb13px|40px|13px|40px|true|true\u00bb button_custom_padding_tablet=\u00bb16px|40px|16px|40px|true|true\u00bb button_custom_padding_phone=\u00bb16px|40px|16px|40px|true|true\u00bb button_custom_padding_last_edited=\u00bboff|desktop\u00bb border_width_all=\u00bb1px\u00bb border_color_all=\u00bb#dfcdc0&#8243; global_colors_info=\u00bb{}\u00bb][et_pb_contact_field field_id=\u00bbName\u00bb field_title=\u00bbNombre\u00bb _builder_version=\u00bb4.14.1&#8243; form_field_background_color=\u00bbRGBA(255,255,255,0)\u00bb form_field_focus_text_color=\u00bb#dfcdc0&#8243; form_field_font=\u00bbTT commons|500|||||||\u00bb form_field_text_align=\u00bbleft\u00bb form_field_font_size=\u00bb18px\u00bb global_colors_info=\u00bb{}\u00bb button_text_size__hover_enabled=\u00bboff\u00bb button_one_text_size__hover_enabled=\u00bboff\u00bb button_two_text_size__hover_enabled=\u00bboff\u00bb button_text_color__hover_enabled=\u00bboff\u00bb button_one_text_color__hover_enabled=\u00bboff\u00bb button_two_text_color__hover_enabled=\u00bboff\u00bb button_border_width__hover_enabled=\u00bboff\u00bb button_one_border_width__hover_enabled=\u00bboff\u00bb button_two_border_width__hover_enabled=\u00bboff\u00bb button_border_color__hover_enabled=\u00bboff\u00bb button_one_border_color__hover_enabled=\u00bboff\u00bb button_two_border_color__hover_enabled=\u00bboff\u00bb button_border_radius__hover_enabled=\u00bboff\u00bb button_one_border_radius__hover_enabled=\u00bboff\u00bb button_two_border_radius__hover_enabled=\u00bboff\u00bb button_letter_spacing__hover_enabled=\u00bboff\u00bb button_one_letter_spacing__hover_enabled=\u00bboff\u00bb button_two_letter_spacing__hover_enabled=\u00bboff\u00bb button_bg_color__hover_enabled=\u00bboff\u00bb button_one_bg_color__hover_enabled=\u00bboff\u00bb button_two_bg_color__hover_enabled=\u00bboff\u00bb][\/et_pb_contact_field][et_pb_contact_field field_id=\u00bbEmail\u00bb field_title=\u00bbCorreo electr\u00f3nico\u00bb field_type=\u00bbemail\u00bb _builder_version=\u00bb4.14.1&#8243; form_field_focus_text_color=\u00bb#dfcdc0&#8243; form_field_font_size=\u00bb18px\u00bb global_colors_info=\u00bb{}\u00bb button_text_size__hover_enabled=\u00bboff\u00bb button_one_text_size__hover_enabled=\u00bboff\u00bb button_two_text_size__hover_enabled=\u00bboff\u00bb button_text_color__hover_enabled=\u00bboff\u00bb button_one_text_color__hover_enabled=\u00bboff\u00bb button_two_text_color__hover_enabled=\u00bboff\u00bb button_border_width__hover_enabled=\u00bboff\u00bb button_one_border_width__hover_enabled=\u00bboff\u00bb button_two_border_width__hover_enabled=\u00bboff\u00bb button_border_color__hover_enabled=\u00bboff\u00bb button_one_border_color__hover_enabled=\u00bboff\u00bb button_two_border_color__hover_enabled=\u00bboff\u00bb button_border_radius__hover_enabled=\u00bboff\u00bb button_one_border_radius__hover_enabled=\u00bboff\u00bb button_two_border_radius__hover_enabled=\u00bboff\u00bb button_letter_spacing__hover_enabled=\u00bboff\u00bb button_one_letter_spacing__hover_enabled=\u00bboff\u00bb button_two_letter_spacing__hover_enabled=\u00bboff\u00bb button_bg_color__hover_enabled=\u00bboff\u00bb button_one_bg_color__hover_enabled=\u00bboff\u00bb button_two_bg_color__hover_enabled=\u00bboff\u00bb][\/et_pb_contact_field][et_pb_contact_field field_id=\u00bbMessage\u00bb field_title=\u00bbMensaje\u00bb field_type=\u00bbtext\u00bb fullwidth_field=\u00bbon\u00bb _builder_version=\u00bb4.14.1&#8243; form_field_font_size=\u00bb18px\u00bb global_colors_info=\u00bb{}\u00bb button_text_size__hover_enabled=\u00bboff\u00bb button_one_text_size__hover_enabled=\u00bboff\u00bb button_two_text_size__hover_enabled=\u00bboff\u00bb button_text_color__hover_enabled=\u00bboff\u00bb button_one_text_color__hover_enabled=\u00bboff\u00bb button_two_text_color__hover_enabled=\u00bboff\u00bb button_border_width__hover_enabled=\u00bboff\u00bb button_one_border_width__hover_enabled=\u00bboff\u00bb button_two_border_width__hover_enabled=\u00bboff\u00bb button_border_color__hover_enabled=\u00bboff\u00bb button_one_border_color__hover_enabled=\u00bboff\u00bb button_two_border_color__hover_enabled=\u00bboff\u00bb button_border_radius__hover_enabled=\u00bboff\u00bb button_one_border_radius__hover_enabled=\u00bboff\u00bb button_two_border_radius__hover_enabled=\u00bboff\u00bb button_letter_spacing__hover_enabled=\u00bboff\u00bb button_one_letter_spacing__hover_enabled=\u00bboff\u00bb button_two_letter_spacing__hover_enabled=\u00bboff\u00bb button_bg_color__hover_enabled=\u00bboff\u00bb button_one_bg_color__hover_enabled=\u00bboff\u00bb button_two_bg_color__hover_enabled=\u00bboff\u00bb][\/et_pb_contact_field][\/et_pb_contact_form][\/et_pb_column][\/et_pb_row][\/et_pb_section][et_pb_section fb_built=\u00bb1&#8243; _builder_version=\u00bb4.14.1&#8243; _module_preset=\u00bbdefault\u00bb global_colors_info=\u00bb{}\u00bb][et_pb_row _builder_version=\u00bb4.14.1&#8243; _module_preset=\u00bbdefault\u00bb global_colors_info=\u00bb{}\u00bb][et_pb_column type=\u00bb4_4&#8243; _builder_version=\u00bb4.14.1&#8243; _module_preset=\u00bbdefault\u00bb global_colors_info=\u00bb{}\u00bb][et_pb_video src=\u00bbhttps:\/\/miradalevante.com\/wp-content\/uploads\/2026\/03\/Copy-FER_8M-2026.mp4&#8243; _builder_version=\u00bb4.14.1&#8243; _module_preset=\u00bbdefault\u00bb global_colors_info=\u00bb{}\u00bb][\/et_pb_video][\/et_pb_column][\/et_pb_row][\/et_pb_section]<\/p>\n","protected":false},"excerpt":{"rendered":"<p>Noticias y eventosNoticias\u00a1Feliz 8 de marzo! Hoy queremos felicitar especialmente a todas las mujeres que trabajan en el sector del reciclaje. Su dedicaci\u00f3n, esfuerzo y compromiso demuestran cada d\u00eda que no existen l\u00edmites cuando hay pasi\u00f3n por el trabajo y por cuidar nuestro planeta. Gracias por su trabajo, su energ\u00eda y su ejemplo. Con su [&hellip;]<\/p>\n","protected":false},"author":1,"featured_media":0,"parent":0,"menu_order":0,"comment_status":"closed","ping_status":"closed","template":"","meta":{"_et_pb_use_builder":"on","_et_pb_old_content":"","_et_gb_content_width":""},"yoast_head":"<!-- This site is optimized with the Yoast SEO plugin v17.9 - https:\/\/yoast.com\/wordpress\/plugins\/seo\/ -->\n<title>NOTICIAS - mirada<\/title>\n<meta name=\"robots\" content=\"index, follow, max-snippet:-1, max-image-preview:large, max-video-preview:-1\" \/>\n<link rel=\"canonical\" href=\"https:\/\/miradalevante.com\/es\/noticias\/\" \/>\n<meta property=\"og:locale\" content=\"es_ES\" \/>\n<meta property=\"og:type\" content=\"article\" \/>\n<meta property=\"og:title\" content=\"NOTICIAS - mirada\" \/>\n<meta property=\"og:description\" content=\"Noticias y eventosNoticias\u00a1Feliz 8 de marzo! Hoy queremos felicitar especialmente a todas las mujeres que trabajan en el sector del reciclaje. Su dedicaci\u00f3n, esfuerzo y compromiso demuestran cada d\u00eda que no existen l\u00edmites cuando hay pasi\u00f3n por el trabajo y por cuidar nuestro planeta. Gracias por su trabajo, su energ\u00eda y su ejemplo. Con su [&hellip;]\" \/>\n<meta property=\"og:url\" content=\"https:\/\/miradalevante.com\/es\/noticias\/\" \/>\n<meta property=\"og:site_name\" content=\"mirada\" \/>\n<meta property=\"article:modified_time\" content=\"2026-03-09T14:59:50+00:00\" \/>\n<meta name=\"twitter:card\" content=\"summary_large_image\" \/>\n<meta name=\"twitter:label1\" content=\"Est. reading time\" \/>\n\t<meta name=\"twitter:data1\" content=\"4 minutos\" \/>\n<script type=\"application\/ld+json\" class=\"yoast-schema-graph\">{\"@context\":\"https:\/\/schema.org\",\"@graph\":[{\"@type\":\"WebSite\",\"@id\":\"https:\/\/miradalevante.com\/#website\",\"url\":\"https:\/\/miradalevante.com\/\",\"name\":\"mirada\",\"description\":\"RECYCLING PROCESSING AND TRADING COMPANY\",\"potentialAction\":[{\"@type\":\"SearchAction\",\"target\":{\"@type\":\"EntryPoint\",\"urlTemplate\":\"https:\/\/miradalevante.com\/?s={search_term_string}\"},\"query-input\":\"required name=search_term_string\"}],\"inLanguage\":\"es\"},{\"@type\":\"WebPage\",\"@id\":\"https:\/\/miradalevante.com\/es\/noticias\/#webpage\",\"url\":\"https:\/\/miradalevante.com\/es\/noticias\/\",\"name\":\"NOTICIAS - mirada\",\"isPartOf\":{\"@id\":\"https:\/\/miradalevante.com\/#website\"},\"datePublished\":\"2022-02-09T12:14:00+00:00\",\"dateModified\":\"2026-03-09T14:59:50+00:00\",\"breadcrumb\":{\"@id\":\"https:\/\/miradalevante.com\/es\/noticias\/#breadcrumb\"},\"inLanguage\":\"es\",\"potentialAction\":[{\"@type\":\"ReadAction\",\"target\":[\"https:\/\/miradalevante.com\/es\/noticias\/\"]}]},{\"@type\":\"BreadcrumbList\",\"@id\":\"https:\/\/miradalevante.com\/es\/noticias\/#breadcrumb\",\"itemListElement\":[{\"@type\":\"ListItem\",\"position\":1,\"name\":\"Home\",\"item\":\"https:\/\/miradalevante.com\/es\/\"},{\"@type\":\"ListItem\",\"position\":2,\"name\":\"NOTICIAS\"}]}]}<\/script>\n<!-- \/ Yoast SEO plugin. -->","yoast_head_json":{"title":"NOTICIAS - mirada","robots":{"index":"index","follow":"follow","max-snippet":"max-snippet:-1","max-image-preview":"max-image-preview:large","max-video-preview":"max-video-preview:-1"},"canonical":"https:\/\/miradalevante.com\/es\/noticias\/","og_locale":"es_ES","og_type":"article","og_title":"NOTICIAS - mirada","og_description":"Noticias y eventosNoticias\u00a1Feliz 8 de marzo! Hoy queremos felicitar especialmente a todas las mujeres que trabajan en el sector del reciclaje. Su dedicaci\u00f3n, esfuerzo y compromiso demuestran cada d\u00eda que no existen l\u00edmites cuando hay pasi\u00f3n por el trabajo y por cuidar nuestro planeta. Gracias por su trabajo, su energ\u00eda y su ejemplo. Con su [&hellip;]","og_url":"https:\/\/miradalevante.com\/es\/noticias\/","og_site_name":"mirada","article_modified_time":"2026-03-09T14:59:50+00:00","twitter_card":"summary_large_image","twitter_misc":{"Est. reading time":"4 minutos"},"schema":{"@context":"https:\/\/schema.org","@graph":[{"@type":"WebSite","@id":"https:\/\/miradalevante.com\/#website","url":"https:\/\/miradalevante.com\/","name":"mirada","description":"RECYCLING PROCESSING AND TRADING COMPANY","potentialAction":[{"@type":"SearchAction","target":{"@type":"EntryPoint","urlTemplate":"https:\/\/miradalevante.com\/?s={search_term_string}"},"query-input":"required name=search_term_string"}],"inLanguage":"es"},{"@type":"WebPage","@id":"https:\/\/miradalevante.com\/es\/noticias\/#webpage","url":"https:\/\/miradalevante.com\/es\/noticias\/","name":"NOTICIAS - mirada","isPartOf":{"@id":"https:\/\/miradalevante.com\/#website"},"datePublished":"2022-02-09T12:14:00+00:00","dateModified":"2026-03-09T14:59:50+00:00","breadcrumb":{"@id":"https:\/\/miradalevante.com\/es\/noticias\/#breadcrumb"},"inLanguage":"es","potentialAction":[{"@type":"ReadAction","target":["https:\/\/miradalevante.com\/es\/noticias\/"]}]},{"@type":"BreadcrumbList","@id":"https:\/\/miradalevante.com\/es\/noticias\/#breadcrumb","itemListElement":[{"@type":"ListItem","position":1,"name":"Home","item":"https:\/\/miradalevante.com\/es\/"},{"@type":"ListItem","position":2,"name":"NOTICIAS"}]}]}},"_links":{"self":[{"href":"https:\/\/miradalevante.com\/es\/wp-json\/wp\/v2\/pages\/403"}],"collection":[{"href":"https:\/\/miradalevante.com\/es\/wp-json\/wp\/v2\/pages"}],"about":[{"href":"https:\/\/miradalevante.com\/es\/wp-json\/wp\/v2\/types\/page"}],"author":[{"embeddable":true,"href":"https:\/\/miradalevante.com\/es\/wp-json\/wp\/v2\/users\/1"}],"replies":[{"embeddable":true,"href":"https:\/\/miradalevante.com\/es\/wp-json\/wp\/v2\/comments?post=403"}],"version-history":[{"count":66,"href":"https:\/\/miradalevante.com\/es\/wp-json\/wp\/v2\/pages\/403\/revisions"}],"predecessor-version":[{"id":1940,"href":"https:\/\/miradalevante.com\/es\/wp-json\/wp\/v2\/pages\/403\/revisions\/1940"}],"wp:attachment":[{"href":"https:\/\/miradalevante.com\/es\/wp-json\/wp\/v2\/media?parent=403"}],"curies":[{"name":"wp","href":"https:\/\/api.w.org\/{rel}","templated":true}]}}